{"id":980,"date":"2020-09-22T15:43:34","date_gmt":"2020-09-22T13:43:34","guid":{"rendered":"http:\/\/hofmann-spedition.de\/cms\/?page_id=980"},"modified":"2025-12-15T09:56:01","modified_gmt":"2025-12-15T08:56:01","slug":"ausbildungen","status":"publish","type":"page","link":"https:\/\/www.hofmann-spedition.de\/cms\/ausbildungen\/","title":{"rendered":"Ausbildungen"},"content":{"rendered":"\t\t<div data-elementor-type=\"wp-page\" data-elementor-id=\"980\" class=\"elementor elementor-980\">\n\t\t\t\t\t\t<div class=\"elementor-inner\">\n\t\t\t\t<div class=\"elementor-section-wrap\">\n\t\t\t\t\t\t\t\t\t<section class=\"elementor-section elementor-top-section elementor-element elementor-element-28245a97 elementor-section-stretched elementor-section-full_width elementor-section-height-default elementor-section-height-default\" data-id=\"28245a97\" data-element_type=\"section\" data-settings=\"{&quot;stretch_section&quot;:&quot;section-stretched&quot;}\">\n\t\t\t\t\t\t<div class=\"elementor-container elementor-column-gap-default\">\n\t\t\t\t\t\t\t<div class=\"elementor-row\">\n\t\t\t\t\t<div class=\"elementor-column elementor-col-100 elementor-top-column elementor-element elementor-element-e4b076d\" data-id=\"e4b076d\" data-element_type=\"column\">\n\t\t\t<div class=\"elementor-column-wrap elementor-element-populated\">\n\t\t\t\t\t\t\t<div class=\"elementor-widget-wrap\">\n\t\t\t\t\t\t<div class=\"elementor-element elementor-element-0296a9e elementor-widget elementor-widget-spacer\" data-id=\"0296a9e\" data-element_type=\"widget\" data-widget_type=\"spacer.default\">\n\t\t\t\t<div class=\"elementor-widget-container\">\n\t\t\t\t\t<div class=\"elementor-spacer\">\n\t\t\t<div class=\"elementor-spacer-inner\"><\/div>\n\t\t<\/div>\n\t\t\t\t<\/div>\n\t\t\t\t<\/div>\n\t\t\t\t\t\t<\/div>\n\t\t\t\t\t<\/div>\n\t\t<\/div>\n\t\t\t\t\t\t\t\t<\/div>\n\t\t\t\t\t<\/div>\n\t\t<\/section>\n\t\t\t\t<section class=\"elementor-section elementor-top-section elementor-element elementor-element-fe33d33 elementor-section-stretched elementor-section-boxed elementor-section-height-default elementor-section-height-default\" data-id=\"fe33d33\" data-element_type=\"section\" data-settings=\"{&quot;stretch_section&quot;:&quot;section-stretched&quot;}\">\n\t\t\t\t\t\t<div class=\"elementor-container elementor-column-gap-default\">\n\t\t\t\t\t\t\t<div class=\"elementor-row\">\n\t\t\t\t\t<div class=\"elementor-column elementor-col-100 elementor-top-column elementor-element elementor-element-4e9e03f\" data-id=\"4e9e03f\" data-element_type=\"column\">\n\t\t\t<div class=\"elementor-column-wrap elementor-element-populated\">\n\t\t\t\t\t\t\t<div class=\"elementor-widget-wrap\">\n\t\t\t\t\t\t<div class=\"elementor-element elementor-element-28e407c elementor-widget elementor-widget-heading\" data-id=\"28e407c\" data-element_type=\"widget\" data-widget_type=\"heading.default\">\n\t\t\t\t<div class=\"elementor-widget-container\">\n\t\t\t<h1 class=\"elementor-heading-title elementor-size-default\">Ausbildung<\/h1>\t\t<\/div>\n\t\t\t\t<\/div>\n\t\t\t\t<div class=\"elementor-element elementor-element-b1501c3 elementor-widget elementor-widget-text-editor\" data-id=\"b1501c3\" data-element_type=\"widget\" data-widget_type=\"text-editor.default\">\n\t\t\t\t<div class=\"elementor-widget-container\">\n\t\t\t\t\t\t\t\t<div class=\"elementor-text-editor elementor-clearfix\">\n\t\t\t\t<p>Ausbildung ist die beste Art, um Ihre Mitarbeitenden zu qualifizieren und zu motivieren. Wir bilden Ihre Mitarbeitenden in kleinen Gruppen in wichtigen Ausbildungen aus und schaffen so bestm\u00f6gliche Voraussetzungen f\u00fcr einen sicheren Arbeitsalltag. Wir bieten Ihnen nicht nur die Organisation und Durchf\u00fchrung der Ausbildungen an, sondern gerne auch die Dokumentation.<\/p><p>Sind Sie auch an Unterweisungen und UVV-Pr\u00fcfungen interessiert? Unser Vorteil f\u00fcr Sie ist, dass wir Ihnen alles aus einer Hand anbieten.<\/p>\t\t\t\t\t<\/div>\n\t\t\t\t\t\t<\/div>\n\t\t\t\t<\/div>\n\t\t\t\t\t\t<\/div>\n\t\t\t\t\t<\/div>\n\t\t<\/div>\n\t\t\t\t\t\t\t\t<\/div>\n\t\t\t\t\t<\/div>\n\t\t<\/section>\n\t\t\t\t<section class=\"elementor-section elementor-top-section elementor-element elementor-element-7bed3af elementor-section-stretched elementor-section-boxed elementor-section-height-default elementor-section-height-default\" data-id=\"7bed3af\" data-element_type=\"section\" data-settings=\"{&quot;stretch_section&quot;:&quot;section-stretched&quot;,&quot;background_background&quot;:&quot;classic&quot;}\">\n\t\t\t\t\t\t<div class=\"elementor-container elementor-column-gap-default\">\n\t\t\t\t\t\t\t<div class=\"elementor-row\">\n\t\t\t\t\t<div class=\"elementor-column elementor-col-100 elementor-top-column elementor-element elementor-element-c6adba6\" data-id=\"c6adba6\" data-element_type=\"column\">\n\t\t\t<div class=\"elementor-column-wrap elementor-element-populated\">\n\t\t\t\t\t\t\t<div class=\"elementor-widget-wrap\">\n\t\t\t\t\t\t<div class=\"elementor-element elementor-element-a77fae7 elementor-widget elementor-widget-spacer\" data-id=\"a77fae7\" data-element_type=\"widget\" data-widget_type=\"spacer.default\">\n\t\t\t\t<div class=\"elementor-widget-container\">\n\t\t\t\t\t<div class=\"elementor-spacer\">\n\t\t\t<div class=\"elementor-spacer-inner\"><\/div>\n\t\t<\/div>\n\t\t\t\t<\/div>\n\t\t\t\t<\/div>\n\t\t\t\t<div class=\"elementor-element elementor-element-4c1112f elementor-widget elementor-widget-heading\" data-id=\"4c1112f\" data-element_type=\"widget\" data-widget_type=\"heading.default\">\n\t\t\t\t<div class=\"elementor-widget-container\">\n\t\t\t<h2 class=\"elementor-heading-title elementor-size-default\">F\u00fcr folgende Ausbildungen gibt es bereits Termine:\n<\/h2>\t\t<\/div>\n\t\t\t\t<\/div>\n\t\t\t\t<div class=\"elementor-element elementor-element-973a5f4 elementor-widget elementor-widget-text-editor\" data-id=\"973a5f4\" data-element_type=\"widget\" data-widget_type=\"text-editor.default\">\n\t\t\t\t<div class=\"elementor-widget-container\">\n\t\t\t\t\t\t\t\t<div class=\"elementor-text-editor elementor-clearfix\">\n\t\t\t\t<p>Staplerfahrerausbildung: 07.02.2026<br \/>Staplerfahrerausbildung: 07.03.2026<br \/>Staplerfahrerausbildung: 04.04.2026<br \/>Staplerfahrerausbildung: 09.05.2026<br \/>Staplerfahrerausbildung: 06.06.2026<br \/>Staplerfahrerausbildung: 04.07.2026<br \/>Staplerfahrerausbildung: 08.08.2026<br \/>Staplerfahrerausbildung: 05.09.2026<br \/>Staplerfahrerausbildung: 10.10.2026<br \/>Staplerfahrerausbildung: 07.11.2026<br \/>Staplerfahrerausbildung: 05.12.2026<\/p><p>(2. Ausbildungstag nach Absprache)<\/p>\t\t\t\t\t<\/div>\n\t\t\t\t\t\t<\/div>\n\t\t\t\t<\/div>\n\t\t\t\t<div class=\"elementor-element elementor-element-1a85ed2 elementor-widget elementor-widget-spacer\" data-id=\"1a85ed2\" data-element_type=\"widget\" data-widget_type=\"spacer.default\">\n\t\t\t\t<div class=\"elementor-widget-container\">\n\t\t\t\t\t<div class=\"elementor-spacer\">\n\t\t\t<div class=\"elementor-spacer-inner\"><\/div>\n\t\t<\/div>\n\t\t\t\t<\/div>\n\t\t\t\t<\/div>\n\t\t\t\t\t\t<\/div>\n\t\t\t\t\t<\/div>\n\t\t<\/div>\n\t\t\t\t\t\t\t\t<\/div>\n\t\t\t\t\t<\/div>\n\t\t<\/section>\n\t\t\t\t<section class=\"elementor-section elementor-top-section elementor-element elementor-element-b38a2ee elementor-section-stretched elementor-section-boxed elementor-section-height-default elementor-section-height-default\" data-id=\"b38a2ee\" data-element_type=\"section\" data-settings=\"{&quot;stretch_section&quot;:&quot;section-stretched&quot;}\">\n\t\t\t\t\t\t<div class=\"elementor-container elementor-column-gap-default\">\n\t\t\t\t\t\t\t<div class=\"elementor-row\">\n\t\t\t\t\t<div class=\"elementor-column elementor-col-100 elementor-top-column elementor-element elementor-element-87fe356\" data-id=\"87fe356\" data-element_type=\"column\">\n\t\t\t<div class=\"elementor-column-wrap elementor-element-populated\">\n\t\t\t\t\t\t\t<div class=\"elementor-widget-wrap\">\n\t\t\t\t\t\t<div class=\"elementor-element elementor-element-450a854 elementor-widget elementor-widget-spacer\" data-id=\"450a854\" data-element_type=\"widget\" data-widget_type=\"spacer.default\">\n\t\t\t\t<div class=\"elementor-widget-container\">\n\t\t\t\t\t<div class=\"elementor-spacer\">\n\t\t\t<div class=\"elementor-spacer-inner\"><\/div>\n\t\t<\/div>\n\t\t\t\t<\/div>\n\t\t\t\t<\/div>\n\t\t\t\t<div class=\"elementor-element elementor-element-da32fa7 elementor-widget elementor-widget-text-editor\" data-id=\"da32fa7\" data-element_type=\"widget\" data-widget_type=\"text-editor.default\">\n\t\t\t\t<div class=\"elementor-widget-container\">\n\t\t\t\t\t\t\t\t<div class=\"elementor-text-editor elementor-clearfix\">\n\t\t\t\t<p>M\u00f6chten Sie lieber einen individuellen Termin f\u00fcr die Ausbildung Ihrer Mitarbeitenden vereinbaren? Dann sprechen Sie uns an und wir finden den optimalen Termin f\u00fcr Sie. Ausbildungen k\u00f6nnen auch in Ihren R\u00e4umlichkeiten stattfinden. Bitte bedenken Sie dabei, dass f\u00fcr den praktischen Teil je nach Ausbildung ein Frontstapler, eine Hubarbeitsb\u00fchne oder ein Kran zur Verf\u00fcgung stehen muss.<\/p>\t\t\t\t\t<\/div>\n\t\t\t\t\t\t<\/div>\n\t\t\t\t<\/div>\n\t\t\t\t<div class=\"elementor-element elementor-element-f7a86af elementor-widget elementor-widget-elementskit-accordion\" data-id=\"f7a86af\" data-element_type=\"widget\" data-widget_type=\"elementskit-accordion.default\">\n\t\t\t\t<div class=\"elementor-widget-container\">\n\t\t\t<div class=\"ekit-wid-con\" >\n        <div class=\"elementskit-accordion accoedion-primary\" id=\"accordion-69f16f885b7ff\">\n\n            \n                <div class=\"elementskit-card \">\n                    <div class=\"elementskit-card-header\" id=\"primaryHeading-0-f7a86af\">\n                        <a href=\"#collapse-3670fbb69f16f885b7ff\" class=\"ekit-accordion--toggler elementskit-btn-link collapsed\" data-ekit-toggle=\"collapse\" data-target=\"#Collapse-3670fbb69f16f885b7ff\" aria-expanded=\"false\" aria-controls=\"Collapse-3670fbb69f16f885b7ff\">\n                            \n                            <span class=\"ekit-accordion-title\">Staplerfahrender<\/span>\n\n                            \n                                <div class=\"ekit_accordion_icon_group\">\n                                    <div class=\"ekit_accordion_normal_icon\">\n                                        <!-- Normal Icon -->\n                                        <i aria-hidden=\"true\" class=\"icon-open icon-right icon icon-down-arrow1\"><\/i>                                    <\/div>\n\n                                    <div class=\"ekit_accordion_active_icon\">\n                                        <!-- Active Icon -->\n                                        <i aria-hidden=\"true\" class=\"icon-closed icon-right icon icon-up-arrow\"><\/i>                                    <\/div>\n\n                                <\/div>\n\n                            \n                                                    <\/a>\n                    <\/div>\n\n                    <div id=\"Collapse-3670fbb69f16f885b7ff\" class=\" collapse\" aria-labelledby=\"primaryHeading-0-f7a86af\" data-parent=\"#accordion-69f16f885b7ff\">\n\n                        <div class=\"elementskit-card-body ekit-accordion--content\">\n                            <p>Die Grundvoraussetzung, um Flurf\u00f6rderfahrzeuge,\u00a0 wie einen Gabelstapler bedienen zu d\u00fcrfen, ist eine Staplerfahrerausbildung. Diese besteht aus einer theoretischen sowie praktischen Ausbildung und kann in 2 Tagen absolviert werden.<\/p><p>Theorie (1. Ausbildungstag):<\/p><ul><li>Rechtliche Grundlagen<\/li><li>Unfallgeschehen<\/li><li>Aufbau und Funktion<\/li><li>Antriebsarten<\/li><li>Standsicherheit<\/li><li>Betrieb allgemein<\/li><li>Regelm\u00e4\u00dfige Pr\u00fcfung von Gabelstaplern<\/li><li>Umgang mit Last<\/li><li>Sondereins\u00e4tze<\/li><li>Verkehrsregeln\/Verkehrswege<\/li><li>Abschlusspr\u00fcfung<\/li><li>Betriebsanweisung<\/li><\/ul><p><br \/>Praxis (2. Ausbildungstag):<\/p><ul><li>Einweisung am Flurf\u00f6rderzeug<\/li><li>T\u00e4gliche Einsatzpr\u00fcfung<\/li><li>Lastschwerpunktdiagramm<\/li><li>Gewichtsverteilung und zul\u00e4ssige Lasten<\/li><li>Fahren mit Last, in Gef\u00e4lle und Steigung<\/li><li>Gew\u00f6hnung an das Flurf\u00f6rderzeug<\/li><li>Richtiges Verhalten beim Durchfahren von Betriebsbereichen mit erh\u00f6htem Unfallrisiko<\/li><li>Verlassen des Flurf\u00f6rderzeugs<\/li><li>Fahr- und Stapel\u00fcbungen<\/li><li>Abschlusspr\u00fcfung<\/li><\/ul>                        <\/div>\n\n                    <\/div>\n\n                <\/div><!-- .elementskit-card END -->\n\n                \n                <div class=\"elementskit-card \">\n                    <div class=\"elementskit-card-header\" id=\"primaryHeading-1-f7a86af\">\n                        <a href=\"#collapse-0cb106e69f16f885b7ff\" class=\"ekit-accordion--toggler elementskit-btn-link collapsed\" data-ekit-toggle=\"collapse\" data-target=\"#Collapse-0cb106e69f16f885b7ff\" aria-expanded=\"false\" aria-controls=\"Collapse-0cb106e69f16f885b7ff\">\n                            \n                            <span class=\"ekit-accordion-title\">Bediener f\u00fcr Hubarbeitsb\u00fchnen<\/span>\n\n                            \n                                <div class=\"ekit_accordion_icon_group\">\n                                    <div class=\"ekit_accordion_normal_icon\">\n                                        <!-- Normal Icon -->\n                                        <i aria-hidden=\"true\" class=\"icon-open icon-right icon icon-down-arrow1\"><\/i>                                    <\/div>\n\n                                    <div class=\"ekit_accordion_active_icon\">\n                                        <!-- Active Icon -->\n                                        <i aria-hidden=\"true\" class=\"icon-closed icon-right icon icon-up-arrow\"><\/i>                                    <\/div>\n\n                                <\/div>\n\n                            \n                                                    <\/a>\n                    <\/div>\n\n                    <div id=\"Collapse-0cb106e69f16f885b7ff\" class=\" collapse\" aria-labelledby=\"primaryHeading-1-f7a86af\" data-parent=\"#accordion-69f16f885b7ff\">\n\n                        <div class=\"elementskit-card-body ekit-accordion--content\">\n                            <p>F\u00fcr den sicheren Umgang mit Hubarbeitsb\u00fchnen erfolgt die\u00a0 theoretische und praktische Ausbildung zum Hubarbeitsb\u00fchnenbediener in 2 Tagen.<br \/><br \/>Theorie (1. Ausbildungstag):<\/p><ul><li>Rechtliche Grundlagen und Regeln der Technik<\/li><li>Aufbau, Funktion und Einsatzm\u00f6glichkeiten verschiedener Bauarten<\/li><li>Betrieb allgemein<\/li><li>\u00dcbernahme und Transport der Maschine<\/li><li>Aufstellung \/ Inbetriebnahme der Maschine am Arbeitsort<\/li><li>Arbeiten mit der Maschine<\/li><li>Pr\u00fcfung<\/li><li>Unfallgesehen<\/li><li>Sondereins\u00e4tze<\/li><li>Betriebsanweisung<\/li><li>Abschlusspr\u00fcfung<\/li><\/ul><p><br \/>Praxis (2. Ausbildungstag):<\/p><ul><li>Einweisung an der Hubarbeitsb\u00fchne<\/li><li>T\u00e4gliche Einsatzpr\u00fcfung<\/li><li>Standsicherer Aufbau (nur bei Ger\u00e4ten mit Abst\u00fctzung)<\/li><li>Standsicheres Verfahren (ohne Abst\u00fctzung)<\/li><li>Ein\u00fcben der Steuerungsfunktionen<\/li><li>Ein\u00fcben der Funktion des Notablasses<\/li><li>Abschlusspr\u00fcfung<\/li><\/ul>                        <\/div>\n\n                    <\/div>\n\n                <\/div><!-- .elementskit-card END -->\n\n                \n                <div class=\"elementskit-card \">\n                    <div class=\"elementskit-card-header\" id=\"primaryHeading-2-f7a86af\">\n                        <a href=\"#collapse-b67b9fc69f16f885b7ff\" class=\"ekit-accordion--toggler elementskit-btn-link collapsed\" data-ekit-toggle=\"collapse\" data-target=\"#Collapse-b67b9fc69f16f885b7ff\" aria-expanded=\"false\" aria-controls=\"Collapse-b67b9fc69f16f885b7ff\">\n                            \n                            <span class=\"ekit-accordion-title\">Kranbediener<\/span>\n\n                            \n                                <div class=\"ekit_accordion_icon_group\">\n                                    <div class=\"ekit_accordion_normal_icon\">\n                                        <!-- Normal Icon -->\n                                        <i aria-hidden=\"true\" class=\"icon-open icon-right icon icon-down-arrow1\"><\/i>                                    <\/div>\n\n                                    <div class=\"ekit_accordion_active_icon\">\n                                        <!-- Active Icon -->\n                                        <i aria-hidden=\"true\" class=\"icon-closed icon-right icon icon-up-arrow\"><\/i>                                    <\/div>\n\n                                <\/div>\n\n                            \n                                                    <\/a>\n                    <\/div>\n\n                    <div id=\"Collapse-b67b9fc69f16f885b7ff\" class=\" collapse\" aria-labelledby=\"primaryHeading-2-f7a86af\" data-parent=\"#accordion-69f16f885b7ff\">\n\n                        <div class=\"elementskit-card-body ekit-accordion--content\">\n                            <p>Ein sicherer Einsatz von Kranen setzt voraus, dass der Kranf\u00fchrer ausgebildet ist. Die theoretische und praktische Ausbildung gem\u00e4\u00df DGUV Grundsatz 309-003 erfolgt in 1bis 5 Tagen. Wir haben uns bei der Ausbildung zum Kranf\u00fchrer auf die Krantypen Schwenkkran, Portalkran und Br\u00fcckenkran spezialisiert.<\/p><p>Theorie:<\/p><ul><li>Grunds\u00e4tzliches \u00fcber Krane<\/li><li>Physikalische Grundlagen<\/li><li>Steuerst\u00e4nde \u2013 Steuer- und Sicherheitseinrichtungen an Krananlagen<\/li><li>Pr\u00fcfungen von Kranen<\/li><li>Lastaufnahmeeinrichtungen<\/li><li>Der Kran und sein Umfeld<\/li><li>Besondere Sicherheitsvorgaben bei Kranen Sondereins\u00e4tze von Kranen<\/li><li>Stillsetzen von Kranen<\/li><li>Verhalten bei St\u00f6rungen\/Sicherheitsm\u00e4ngeln \u2013 Instandhaltung<\/li><li>Kranbedienung auf einen Blick<\/li><li>Abschlusspr\u00fcfung<\/li><\/ul><p><br \/>Praxis:<\/p><ul><li>Praktische \u00dcbungen<\/li><\/ul>                        <\/div>\n\n                    <\/div>\n\n                <\/div><!-- .elementskit-card END -->\n\n                \n                <div class=\"elementskit-card \">\n                    <div class=\"elementskit-card-header\" id=\"primaryHeading-3-f7a86af\">\n                        <a href=\"#collapse-b8d5fa869f16f885b7ff\" class=\"ekit-accordion--toggler elementskit-btn-link collapsed\" data-ekit-toggle=\"collapse\" data-target=\"#Collapse-b8d5fa869f16f885b7ff\" aria-expanded=\"false\" aria-controls=\"Collapse-b8d5fa869f16f885b7ff\">\n                            \n                            <span class=\"ekit-accordion-title\">Ladungssicherung<\/span>\n\n                            \n                                <div class=\"ekit_accordion_icon_group\">\n                                    <div class=\"ekit_accordion_normal_icon\">\n                                        <!-- Normal Icon -->\n                                        <i aria-hidden=\"true\" class=\"icon-open icon-right icon icon-down-arrow1\"><\/i>                                    <\/div>\n\n                                    <div class=\"ekit_accordion_active_icon\">\n                                        <!-- Active Icon -->\n                                        <i aria-hidden=\"true\" class=\"icon-closed icon-right icon icon-up-arrow\"><\/i>                                    <\/div>\n\n                                <\/div>\n\n                            \n                                                    <\/a>\n                    <\/div>\n\n                    <div id=\"Collapse-b8d5fa869f16f885b7ff\" class=\" collapse\" aria-labelledby=\"primaryHeading-3-f7a86af\" data-parent=\"#accordion-69f16f885b7ff\">\n\n                        <div class=\"elementskit-card-body ekit-accordion--content\">\n                            <p>Um die Ware bei einem Transport auf dem Fahrzeug fachgerecht zu sichern und ein Verrutschen sowie Sch\u00e4den zu vermeiden, ist eine Ladungssicherungsausbildung wichtig. Die theoretische und praktische Ausbildung erfolgt in 1-2 Tagen.<\/p><p>Theorie:<\/p><ul><li>Unfallursachen Ladungssicherung<\/li><li>Rechtliche Grundlagen<\/li><li>Physikalische Grundlagen<\/li><li>Anforderung an das Transportfahrzeug<\/li><li>Zurrmittel und sonstige Hilfsmittel<\/li><li>Methoden der Ladungssicherung<\/li><li>Praktische \u00dcbungen<\/li><li>Schriftliche Pr\u00fcfung<\/li><\/ul><p><br \/>Praxis:<\/p><ul><li>Praktische \u00dcbungen<\/li><\/ul>                        <\/div>\n\n                    <\/div>\n\n                <\/div><!-- .elementskit-card END -->\n\n                \n                <div class=\"elementskit-card \">\n                    <div class=\"elementskit-card-header\" id=\"primaryHeading-4-f7a86af\">\n                        <a href=\"#collapse-9276cbf69f16f885b7ff\" class=\"ekit-accordion--toggler elementskit-btn-link collapsed\" data-ekit-toggle=\"collapse\" data-target=\"#Collapse-9276cbf69f16f885b7ff\" aria-expanded=\"false\" aria-controls=\"Collapse-9276cbf69f16f885b7ff\">\n                            \n                            <span class=\"ekit-accordion-title\">Berufskraftfahrer-Qualifikationsmodule<\/span>\n\n                            \n                                <div class=\"ekit_accordion_icon_group\">\n                                    <div class=\"ekit_accordion_normal_icon\">\n                                        <!-- Normal Icon -->\n                                        <i aria-hidden=\"true\" class=\"icon-open icon-right icon icon-down-arrow1\"><\/i>                                    <\/div>\n\n                                    <div class=\"ekit_accordion_active_icon\">\n                                        <!-- Active Icon -->\n                                        <i aria-hidden=\"true\" class=\"icon-closed icon-right icon icon-up-arrow\"><\/i>                                    <\/div>\n\n                                <\/div>\n\n                            \n                                                    <\/a>\n                    <\/div>\n\n                    <div id=\"Collapse-9276cbf69f16f885b7ff\" class=\" collapse\" aria-labelledby=\"primaryHeading-4-f7a86af\" data-parent=\"#accordion-69f16f885b7ff\">\n\n                        <div class=\"elementskit-card-body ekit-accordion--content\">\n                            <p>Berufskraftfahrer m\u00fcssen alle f\u00fcnf Jahre eine Berufskraftfahrer-Weiterbildung absolvieren. Je Modul ist hierf\u00fcr ein Tag erforderlich.<\/p><ul><li>Je Modul ein Tag<\/li><\/ul><p><br \/>Angebotene Module:<\/p><ul><li>Modul 1: Wirtschaftlich fahren<\/li><li>Modul 2: Sozialvorschriften<\/li><li>Modul 3: Fahrsicherheit, Gefahrenlehre und Sicherheitstechnik<\/li><li>Modul 4: Fit und Sicher unterwegs<\/li><li>Modul 5: Ladung sichern<\/li><\/ul>                        <\/div>\n\n                    <\/div>\n\n                <\/div><!-- .elementskit-card END -->\n\n                \n                <div class=\"elementskit-card \">\n                    <div class=\"elementskit-card-header\" id=\"primaryHeading-5-f7a86af\">\n                        <a href=\"#collapse-613066d69f16f885b7ff\" class=\"ekit-accordion--toggler elementskit-btn-link collapsed\" data-ekit-toggle=\"collapse\" data-target=\"#Collapse-613066d69f16f885b7ff\" aria-expanded=\"false\" aria-controls=\"Collapse-613066d69f16f885b7ff\">\n                            \n                            <span class=\"ekit-accordion-title\">Sicherheitsbeauftragter<\/span>\n\n                            \n                                <div class=\"ekit_accordion_icon_group\">\n                                    <div class=\"ekit_accordion_normal_icon\">\n                                        <!-- Normal Icon -->\n                                        <i aria-hidden=\"true\" class=\"icon-open icon-right icon icon-down-arrow1\"><\/i>                                    <\/div>\n\n                                    <div class=\"ekit_accordion_active_icon\">\n                                        <!-- Active Icon -->\n                                        <i aria-hidden=\"true\" class=\"icon-closed icon-right icon icon-up-arrow\"><\/i>                                    <\/div>\n\n                                <\/div>\n\n                            \n                                                    <\/a>\n                    <\/div>\n\n                    <div id=\"Collapse-613066d69f16f885b7ff\" class=\" collapse\" aria-labelledby=\"primaryHeading-5-f7a86af\" data-parent=\"#accordion-69f16f885b7ff\">\n\n                        <div class=\"elementskit-card-body ekit-accordion--content\">\n                            <p>Die Ausbildung zum Sicherheitsbeauftragten umfasst folgende Inhalte:<\/p><ul><li>Organisation des Arbeitsschutzes<\/li><li>Rolle des Sicherheitsbeauftragten<\/li><li>Stellung des Sicherheitsbeauftragten im Betrieb<\/li><li>Unfalluntersuchung<\/li><li>Grundlagen von Unterweisung<\/li><li>Grundlagen von Gef\u00e4hrdungsbeurteilung<\/li><li>Betriebsanweisungen<\/li><li>Handhabungen von Arbeitsmittel<\/li><li>Grundlagen von Brandschutz \/ Gefahrstoffe \/ Ladungssicherung<\/li><li>Unf\u00e4lle und erste Hilfe<\/li><\/ul><p>\u00a0<\/p><p>und 27 weitere Themenfelder<\/p>                        <\/div>\n\n                    <\/div>\n\n                <\/div><!-- .elementskit-card END -->\n\n                \n                <div class=\"elementskit-card \">\n                    <div class=\"elementskit-card-header\" id=\"primaryHeading-6-f7a86af\">\n                        <a href=\"#collapse-7bc078169f16f885b7ff\" class=\"ekit-accordion--toggler elementskit-btn-link collapsed\" data-ekit-toggle=\"collapse\" data-target=\"#Collapse-7bc078169f16f885b7ff\" aria-expanded=\"false\" aria-controls=\"Collapse-7bc078169f16f885b7ff\">\n                            \n                            <span class=\"ekit-accordion-title\">Brandschutzhelfer<\/span>\n\n                            \n                                <div class=\"ekit_accordion_icon_group\">\n                                    <div class=\"ekit_accordion_normal_icon\">\n                                        <!-- Normal Icon -->\n                                        <i aria-hidden=\"true\" class=\"icon-open icon-right icon icon-down-arrow1\"><\/i>                                    <\/div>\n\n                                    <div class=\"ekit_accordion_active_icon\">\n                                        <!-- Active Icon -->\n                                        <i aria-hidden=\"true\" class=\"icon-closed icon-right icon icon-up-arrow\"><\/i>                                    <\/div>\n\n                                <\/div>\n\n                            \n                                                    <\/a>\n                    <\/div>\n\n                    <div id=\"Collapse-7bc078169f16f885b7ff\" class=\" collapse\" aria-labelledby=\"primaryHeading-6-f7a86af\" data-parent=\"#accordion-69f16f885b7ff\">\n\n                        <div class=\"elementskit-card-body ekit-accordion--content\">\n                            <p>Die Ausbildung zum Brandschutzhelfer umfasst folgende Inhalte:<\/p><ul><li>Grundz\u00fcge des Brandschutzes<\/li><li>Betriebliche Brandschutzorganisation<\/li><li>Funktion und Wirkungsweise von Feuerl\u00f6scheinrichtungen<\/li><li>Aufbau und Funktion der im Betrieb vorhandenen Feuerl\u00f6scher, - einrichtungen<\/li><li>Gefahren durch Br\u00e4nde<\/li><li>Brandklassen A,B,C und F<\/li><li>Verhalten im Brandfall<\/li><li>Aufgaben des Brandschutzhelfers<\/li><li>Sicherstellung der selbstst\u00e4ndigen Flucht der Besch\u00e4ftigten<\/li><li>Feuerl\u00f6sch\u00fcbung am \u00dcbungsger\u00e4t<\/li><\/ul>                        <\/div>\n\n                    <\/div>\n\n                <\/div><!-- .elementskit-card END -->\n\n                        <\/div>\n    <\/div>\t\t<\/div>\n\t\t\t\t<\/div>\n\t\t\t\t<div class=\"elementor-element elementor-element-281d9c0 elementor-widget elementor-widget-spacer\" data-id=\"281d9c0\" data-element_type=\"widget\" data-widget_type=\"spacer.default\">\n\t\t\t\t<div class=\"elementor-widget-container\">\n\t\t\t\t\t<div class=\"elementor-spacer\">\n\t\t\t<div class=\"elementor-spacer-inner\"><\/div>\n\t\t<\/div>\n\t\t\t\t<\/div>\n\t\t\t\t<\/div>\n\t\t\t\t\t\t<\/div>\n\t\t\t\t\t<\/div>\n\t\t<\/div>\n\t\t\t\t\t\t\t\t<\/div>\n\t\t\t\t\t<\/div>\n\t\t<\/section>\n\t\t\t\t<section class=\"elementor-section elementor-top-section elementor-element elementor-element-8b67177 elementor-section-stretched elementor-section-boxed elementor-section-height-default elementor-section-height-default\" data-id=\"8b67177\" data-element_type=\"section\" data-settings=\"{&quot;stretch_section&quot;:&quot;section-stretched&quot;,&quot;background_background&quot;:&quot;classic&quot;}\">\n\t\t\t\t\t\t<div class=\"elementor-container elementor-column-gap-default\">\n\t\t\t\t\t\t\t<div class=\"elementor-row\">\n\t\t\t\t\t<div class=\"elementor-column elementor-col-100 elementor-top-column elementor-element elementor-element-eda0fea\" data-id=\"eda0fea\" data-element_type=\"column\">\n\t\t\t<div class=\"elementor-column-wrap elementor-element-populated\">\n\t\t\t\t\t\t\t<div class=\"elementor-widget-wrap\">\n\t\t\t\t\t\t<div class=\"elementor-element elementor-element-d75a5b5 elementor-widget elementor-widget-heading\" data-id=\"d75a5b5\" data-element_type=\"widget\" data-widget_type=\"heading.default\">\n\t\t\t\t<div class=\"elementor-widget-container\">\n\t\t\t<h1 class=\"elementor-heading-title elementor-size-default\">Interesse? Hier k\u00f6nnen Sie uns direkt anfragen.<\/h1>\t\t<\/div>\n\t\t\t\t<\/div>\n\t\t\t\t<div class=\"elementor-element elementor-element-59f92bd elementor-align-center elementor-widget elementor-widget-button\" data-id=\"59f92bd\" data-element_type=\"widget\" data-widget_type=\"button.default\">\n\t\t\t\t<div class=\"elementor-widget-container\">\n\t\t\t\t\t<div class=\"elementor-button-wrapper\">\n\t\t\t<a href=\"http:\/\/hofmann-spedition.de\/cms\/?page_id=986#Anfrage\" class=\"elementor-button-link elementor-button elementor-size-md\" role=\"button\">\n\t\t\t\t\t\t<span class=\"elementor-button-content-wrapper\">\n\t\t\t\t\t\t<span class=\"elementor-button-text\">Ihre Anfrage<\/span>\n\t\t<\/span>\n\t\t\t\t\t<\/a>\n\t\t<\/div>\n\t\t\t\t<\/div>\n\t\t\t\t<\/div>\n\t\t\t\t\t\t<\/div>\n\t\t\t\t\t<\/div>\n\t\t<\/div>\n\t\t\t\t\t\t\t\t<\/div>\n\t\t\t\t\t<\/div>\n\t\t<\/section>\n\t\t\t\t<section class=\"elementor-section elementor-top-section elementor-element elementor-element-9b4fba8 elementor-section-stretched elementor-section-boxed elementor-section-height-default elementor-section-height-default\" data-id=\"9b4fba8\" data-element_type=\"section\" data-settings=\"{&quot;stretch_section&quot;:&quot;section-stretched&quot;}\">\n\t\t\t\t\t\t<div class=\"elementor-container elementor-column-gap-default\">\n\t\t\t\t\t\t\t<div class=\"elementor-row\">\n\t\t\t\t\t<div class=\"elementor-column elementor-col-50 elementor-top-column elementor-element elementor-element-ff60352\" data-id=\"ff60352\" data-element_type=\"column\">\n\t\t\t<div class=\"elementor-column-wrap elementor-element-populated\">\n\t\t\t\t\t\t\t<div class=\"elementor-widget-wrap\">\n\t\t\t\t\t\t<section class=\"elementor-section elementor-inner-section elementor-element elementor-element-dc5ea40 elementor-section-boxed elementor-section-height-default elementor-section-height-default\" data-id=\"dc5ea40\" data-element_type=\"section\">\n\t\t\t\t\t\t<div class=\"elementor-container elementor-column-gap-default\">\n\t\t\t\t\t\t\t<div class=\"elementor-row\">\n\t\t\t\t\t<div class=\"elementor-column elementor-col-33 elementor-inner-column elementor-element elementor-element-26f34b7\" data-id=\"26f34b7\" data-element_type=\"column\">\n\t\t\t<div class=\"elementor-column-wrap elementor-element-populated\">\n\t\t\t\t\t\t\t<div class=\"elementor-widget-wrap\">\n\t\t\t\t\t\t<div class=\"elementor-element elementor-element-224277b elementor-widget elementor-widget-image\" data-id=\"224277b\" data-element_type=\"widget\" data-widget_type=\"image.default\">\n\t\t\t\t<div class=\"elementor-widget-container\">\n\t\t\t\t\t\t\t\t<div class=\"elementor-image\">\n\t\t\t\t\t\t\t\t\t\t\t\t<img loading=\"lazy\" decoding=\"async\" width=\"400\" height=\"400\" src=\"https:\/\/www.hofmann-spedition.de\/cms\/wp-content\/uploads\/2020\/12\/201016_Hofmann-3425b-quad.jpg\" class=\"attachment-large size-large\" alt=\"\" srcset=\"https:\/\/www.hofmann-spedition.de\/cms\/wp-content\/uploads\/2020\/12\/201016_Hofmann-3425b-quad.jpg 400w, https:\/\/www.hofmann-spedition.de\/cms\/wp-content\/uploads\/2020\/12\/201016_Hofmann-3425b-quad-300x300.jpg 300w, https:\/\/www.hofmann-spedition.de\/cms\/wp-content\/uploads\/2020\/12\/201016_Hofmann-3425b-quad-150x150.jpg 150w\" sizes=\"(max-width: 400px) 100vw, 400px\" \/>\t\t\t\t\t\t\t\t\t\t\t\t\t\t<\/div>\n\t\t\t\t\t\t<\/div>\n\t\t\t\t<\/div>\n\t\t\t\t\t\t<\/div>\n\t\t\t\t\t<\/div>\n\t\t<\/div>\n\t\t\t\t<div class=\"elementor-column elementor-col-66 elementor-inner-column elementor-element elementor-element-40775e8\" data-id=\"40775e8\" data-element_type=\"column\">\n\t\t\t<div class=\"elementor-column-wrap elementor-element-populated\">\n\t\t\t\t\t\t\t<div class=\"elementor-widget-wrap\">\n\t\t\t\t\t\t<div class=\"elementor-element elementor-element-0ebf3ad elementor-widget elementor-widget-spacer\" data-id=\"0ebf3ad\" data-element_type=\"widget\" data-widget_type=\"spacer.default\">\n\t\t\t\t<div class=\"elementor-widget-container\">\n\t\t\t\t\t<div class=\"elementor-spacer\">\n\t\t\t<div class=\"elementor-spacer-inner\"><\/div>\n\t\t<\/div>\n\t\t\t\t<\/div>\n\t\t\t\t<\/div>\n\t\t\t\t<div class=\"elementor-element elementor-element-e7496b5 elementor-widget elementor-widget-heading\" data-id=\"e7496b5\" data-element_type=\"widget\" data-widget_type=\"heading.default\">\n\t\t\t\t<div class=\"elementor-widget-container\">\n\t\t\t<h2 class=\"elementor-heading-title elementor-size-default\">Lars Taiber<\/h2>\t\t<\/div>\n\t\t\t\t<\/div>\n\t\t\t\t<div class=\"elementor-element elementor-element-a591109 elementor-widget elementor-widget-text-editor\" data-id=\"a591109\" data-element_type=\"widget\" data-widget_type=\"text-editor.default\">\n\t\t\t\t<div class=\"elementor-widget-container\">\n\t\t\t\t\t\t\t\t<div class=\"elementor-text-editor elementor-clearfix\">\n\t\t\t\t\u2013 Gesch\u00e4ftsf\u00fchrer der Hofmann Ausbildung &#038; Pr\u00fcfservice GmbH\t\t\t\t\t<\/div>\n\t\t\t\t\t\t<\/div>\n\t\t\t\t<\/div>\n\t\t\t\t\t\t<\/div>\n\t\t\t\t\t<\/div>\n\t\t<\/div>\n\t\t\t\t\t\t\t\t<\/div>\n\t\t\t\t\t<\/div>\n\t\t<\/section>\n\t\t\t\t\t\t<\/div>\n\t\t\t\t\t<\/div>\n\t\t<\/div>\n\t\t\t\t<div class=\"elementor-column elementor-col-50 elementor-top-column elementor-element elementor-element-c0380d4\" data-id=\"c0380d4\" data-element_type=\"column\">\n\t\t\t<div class=\"elementor-column-wrap elementor-element-populated\">\n\t\t\t\t\t\t\t<div class=\"elementor-widget-wrap\">\n\t\t\t\t\t\t<section class=\"elementor-section elementor-inner-section elementor-element elementor-element-701bbfa elementor-section-boxed elementor-section-height-default elementor-section-height-default\" data-id=\"701bbfa\" data-element_type=\"section\">\n\t\t\t\t\t\t<div class=\"elementor-container elementor-column-gap-default\">\n\t\t\t\t\t\t\t<div class=\"elementor-row\">\n\t\t\t\t\t<div class=\"elementor-column elementor-col-33 elementor-inner-column elementor-element elementor-element-90acce4\" data-id=\"90acce4\" data-element_type=\"column\">\n\t\t\t<div class=\"elementor-column-wrap elementor-element-populated\">\n\t\t\t\t\t\t\t<div class=\"elementor-widget-wrap\">\n\t\t\t\t\t\t<div class=\"elementor-element elementor-element-5ab7753 elementor-widget elementor-widget-image\" data-id=\"5ab7753\" data-element_type=\"widget\" data-widget_type=\"image.default\">\n\t\t\t\t<div class=\"elementor-widget-container\">\n\t\t\t\t\t\t\t\t<div class=\"elementor-image\">\n\t\t\t\t\t\t\t\t\t\t\t\t<img loading=\"lazy\" decoding=\"async\" width=\"400\" height=\"400\" src=\"https:\/\/www.hofmann-spedition.de\/cms\/wp-content\/uploads\/2021\/03\/wolf190321.jpg\" class=\"attachment-large size-large\" alt=\"\" srcset=\"https:\/\/www.hofmann-spedition.de\/cms\/wp-content\/uploads\/2021\/03\/wolf190321.jpg 400w, https:\/\/www.hofmann-spedition.de\/cms\/wp-content\/uploads\/2021\/03\/wolf190321-300x300.jpg 300w, https:\/\/www.hofmann-spedition.de\/cms\/wp-content\/uploads\/2021\/03\/wolf190321-150x150.jpg 150w\" sizes=\"(max-width: 400px) 100vw, 400px\" \/>\t\t\t\t\t\t\t\t\t\t\t\t\t\t<\/div>\n\t\t\t\t\t\t<\/div>\n\t\t\t\t<\/div>\n\t\t\t\t\t\t<\/div>\n\t\t\t\t\t<\/div>\n\t\t<\/div>\n\t\t\t\t<div class=\"elementor-column elementor-col-66 elementor-inner-column elementor-element elementor-element-c01a445\" data-id=\"c01a445\" data-element_type=\"column\">\n\t\t\t<div class=\"elementor-column-wrap elementor-element-populated\">\n\t\t\t\t\t\t\t<div class=\"elementor-widget-wrap\">\n\t\t\t\t\t\t<div class=\"elementor-element elementor-element-b7d8041 elementor-widget elementor-widget-spacer\" data-id=\"b7d8041\" data-element_type=\"widget\" data-widget_type=\"spacer.default\">\n\t\t\t\t<div class=\"elementor-widget-container\">\n\t\t\t\t\t<div class=\"elementor-spacer\">\n\t\t\t<div class=\"elementor-spacer-inner\"><\/div>\n\t\t<\/div>\n\t\t\t\t<\/div>\n\t\t\t\t<\/div>\n\t\t\t\t<div class=\"elementor-element elementor-element-a2f22e6 elementor-widget elementor-widget-heading\" data-id=\"a2f22e6\" data-element_type=\"widget\" data-widget_type=\"heading.default\">\n\t\t\t\t<div class=\"elementor-widget-container\">\n\t\t\t<h2 class=\"elementor-heading-title elementor-size-default\">Charles Wolf<\/h2>\t\t<\/div>\n\t\t\t\t<\/div>\n\t\t\t\t<div class=\"elementor-element elementor-element-fd86c2b elementor-widget elementor-widget-text-editor\" data-id=\"fd86c2b\" data-element_type=\"widget\" data-widget_type=\"text-editor.default\">\n\t\t\t\t<div class=\"elementor-widget-container\">\n\t\t\t\t\t\t\t\t<div class=\"elementor-text-editor elementor-clearfix\">\n\t\t\t\t<p>\u2013 Gesch\u00e4ftsf\u00fchrer der Hofmann Ausbildung &amp; Pr\u00fcfservice GmbH<\/p>\t\t\t\t\t<\/div>\n\t\t\t\t\t\t<\/div>\n\t\t\t\t<\/div>\n\t\t\t\t\t\t<\/div>\n\t\t\t\t\t<\/div>\n\t\t<\/div>\n\t\t\t\t\t\t\t\t<\/div>\n\t\t\t\t\t<\/div>\n\t\t<\/section>\n\t\t\t\t\t\t<\/div>\n\t\t\t\t\t<\/div>\n\t\t<\/div>\n\t\t\t\t\t\t\t\t<\/div>\n\t\t\t\t\t<\/div>\n\t\t<\/section>\n\t\t\t\t\t\t\t\t\t<\/div>\n\t\t\t<\/div>\n\t\t\t\t\t<\/div>\n\t\t","protected":false},"excerpt":{"rendered":"<p>Ausbildung Ausbildung ist die beste Art, um Ihre Mitarbeitenden zu qualifizieren und zu motivieren. Wir bilden Ihre Mitarbeitenden in kleinen Gruppen in wichtigen Ausbildungen aus und schaffen so bestm\u00f6gliche Voraussetzungen f\u00fcr einen sicheren Arbeitsalltag. Wir bieten Ihnen nicht nur die Organisation und Durchf\u00fchrung der Ausbildungen an, sondern gerne auch die Dokumentation. Sind Sie auch an [&hellip;]<\/p>\n","protected":false},"author":1,"featured_media":0,"parent":0,"menu_order":0,"comment_status":"closed","ping_status":"closed","template":"elementor_header_footer","meta":{"footnotes":""},"yoast_head":"<!-- This site is optimized with the Yoast SEO plugin v18.2 - https:\/\/yoast.com\/wordpress\/plugins\/seo\/ -->\n<title>Ausbildungen - Hofmann Internationale Spedition GmbH<\/title>\n<meta name=\"robots\" content=\"index, follow, max-snippet:-1, max-image-preview:large, max-video-preview:-1\" \/>\n<link rel=\"canonical\" href=\"https:\/\/www.hofmann-spedition.de\/cms\/ausbildungen\/\" \/>\n<meta property=\"og:locale\" content=\"de_DE\" \/>\n<meta property=\"og:type\" content=\"article\" \/>\n<meta property=\"og:title\" content=\"Ausbildungen - Hofmann Internationale Spedition GmbH\" \/>\n<meta property=\"og:description\" content=\"Ausbildung Ausbildung ist die beste Art, um Ihre Mitarbeitenden zu qualifizieren und zu motivieren. Wir bilden Ihre Mitarbeitenden in kleinen Gruppen in wichtigen Ausbildungen aus und schaffen so bestm\u00f6gliche Voraussetzungen f\u00fcr einen sicheren Arbeitsalltag. Wir bieten Ihnen nicht nur die Organisation und Durchf\u00fchrung der Ausbildungen an, sondern gerne auch die Dokumentation. Sind Sie auch an [&hellip;]\" \/>\n<meta property=\"og:url\" content=\"https:\/\/www.hofmann-spedition.de\/cms\/ausbildungen\/\" \/>\n<meta property=\"og:site_name\" content=\"Hofmann Internationale Spedition GmbH\" \/>\n<meta property=\"article:modified_time\" content=\"2025-12-15T08:56:01+00:00\" \/>\n<meta property=\"og:image\" content=\"https:\/\/www.hofmann-spedition.de\/cms\/wp-content\/uploads\/2020\/12\/201016_Hofmann-3425b-quad.jpg\" \/>\n<meta name=\"twitter:card\" content=\"summary_large_image\" \/>\n<meta name=\"twitter:label1\" content=\"Gesch\u00e4tzte Lesezeit\" \/>\n\t<meta name=\"twitter:data1\" content=\"3\u00a0Minuten\" \/>\n<script type=\"application\/ld+json\" class=\"yoast-schema-graph\">{\"@context\":\"https:\/\/schema.org\",\"@graph\":[{\"@type\":\"Organization\",\"@id\":\"https:\/\/www.hofmann-spedition.de\/cms\/#organization\",\"name\":\"Hofmann Internationale Spedition\",\"url\":\"https:\/\/www.hofmann-spedition.de\/cms\/\",\"sameAs\":[],\"logo\":{\"@type\":\"ImageObject\",\"@id\":\"https:\/\/www.hofmann-spedition.de\/cms\/#logo\",\"inLanguage\":\"de\",\"url\":\"https:\/\/www.hofmann-spedition.de\/cms\/wp-content\/uploads\/2020\/06\/his_logo.png\",\"contentUrl\":\"https:\/\/www.hofmann-spedition.de\/cms\/wp-content\/uploads\/2020\/06\/his_logo.png\",\"width\":410,\"height\":79,\"caption\":\"Hofmann Internationale Spedition\"},\"image\":{\"@id\":\"https:\/\/www.hofmann-spedition.de\/cms\/#logo\"}},{\"@type\":\"WebSite\",\"@id\":\"https:\/\/www.hofmann-spedition.de\/cms\/#website\",\"url\":\"https:\/\/www.hofmann-spedition.de\/cms\/\",\"name\":\"Hofmann Internationale Spedition GmbH\",\"description\":\"\",\"publisher\":{\"@id\":\"https:\/\/www.hofmann-spedition.de\/cms\/#organization\"},\"potentialAction\":[{\"@type\":\"SearchAction\",\"target\":{\"@type\":\"EntryPoint\",\"urlTemplate\":\"https:\/\/www.hofmann-spedition.de\/cms\/?s={search_term_string}\"},\"query-input\":\"required name=search_term_string\"}],\"inLanguage\":\"de\"},{\"@type\":\"ImageObject\",\"@id\":\"https:\/\/www.hofmann-spedition.de\/cms\/ausbildungen\/#primaryimage\",\"inLanguage\":\"de\",\"url\":\"https:\/\/www.hofmann-spedition.de\/cms\/wp-content\/uploads\/2020\/12\/201016_Hofmann-3425b-quad.jpg\",\"contentUrl\":\"https:\/\/www.hofmann-spedition.de\/cms\/wp-content\/uploads\/2020\/12\/201016_Hofmann-3425b-quad.jpg\",\"width\":400,\"height\":400,\"caption\":\"Hofmann Internationale Spedition GmbH, Shooting Tag 1\"},{\"@type\":\"WebPage\",\"@id\":\"https:\/\/www.hofmann-spedition.de\/cms\/ausbildungen\/#webpage\",\"url\":\"https:\/\/www.hofmann-spedition.de\/cms\/ausbildungen\/\",\"name\":\"Ausbildungen - Hofmann Internationale Spedition GmbH\",\"isPartOf\":{\"@id\":\"https:\/\/www.hofmann-spedition.de\/cms\/#website\"},\"primaryImageOfPage\":{\"@id\":\"https:\/\/www.hofmann-spedition.de\/cms\/ausbildungen\/#primaryimage\"},\"datePublished\":\"2020-09-22T13:43:34+00:00\",\"dateModified\":\"2025-12-15T08:56:01+00:00\",\"breadcrumb\":{\"@id\":\"https:\/\/www.hofmann-spedition.de\/cms\/ausbildungen\/#breadcrumb\"},\"inLanguage\":\"de\",\"potentialAction\":[{\"@type\":\"ReadAction\",\"target\":[\"https:\/\/www.hofmann-spedition.de\/cms\/ausbildungen\/\"]}]},{\"@type\":\"BreadcrumbList\",\"@id\":\"https:\/\/www.hofmann-spedition.de\/cms\/ausbildungen\/#breadcrumb\",\"itemListElement\":[{\"@type\":\"ListItem\",\"position\":1,\"name\":\"Startseite\",\"item\":\"https:\/\/www.hofmann-spedition.de\/cms\/\"},{\"@type\":\"ListItem\",\"position\":2,\"name\":\"Ausbildungen\"}]}]}<\/script>\n<!-- \/ Yoast SEO plugin. -->","yoast_head_json":{"title":"Ausbildungen - Hofmann Internationale Spedition GmbH","robots":{"index":"index","follow":"follow","max-snippet":"max-snippet:-1","max-image-preview":"max-image-preview:large","max-video-preview":"max-video-preview:-1"},"canonical":"https:\/\/www.hofmann-spedition.de\/cms\/ausbildungen\/","og_locale":"de_DE","og_type":"article","og_title":"Ausbildungen - Hofmann Internationale Spedition GmbH","og_description":"Ausbildung Ausbildung ist die beste Art, um Ihre Mitarbeitenden zu qualifizieren und zu motivieren. Wir bilden Ihre Mitarbeitenden in kleinen Gruppen in wichtigen Ausbildungen aus und schaffen so bestm\u00f6gliche Voraussetzungen f\u00fcr einen sicheren Arbeitsalltag. Wir bieten Ihnen nicht nur die Organisation und Durchf\u00fchrung der Ausbildungen an, sondern gerne auch die Dokumentation. Sind Sie auch an [&hellip;]","og_url":"https:\/\/www.hofmann-spedition.de\/cms\/ausbildungen\/","og_site_name":"Hofmann Internationale Spedition GmbH","article_modified_time":"2025-12-15T08:56:01+00:00","og_image":[{"url":"https:\/\/www.hofmann-spedition.de\/cms\/wp-content\/uploads\/2020\/12\/201016_Hofmann-3425b-quad.jpg"}],"twitter_card":"summary_large_image","twitter_misc":{"Gesch\u00e4tzte Lesezeit":"3\u00a0Minuten"},"schema":{"@context":"https:\/\/schema.org","@graph":[{"@type":"Organization","@id":"https:\/\/www.hofmann-spedition.de\/cms\/#organization","name":"Hofmann Internationale Spedition","url":"https:\/\/www.hofmann-spedition.de\/cms\/","sameAs":[],"logo":{"@type":"ImageObject","@id":"https:\/\/www.hofmann-spedition.de\/cms\/#logo","inLanguage":"de","url":"https:\/\/www.hofmann-spedition.de\/cms\/wp-content\/uploads\/2020\/06\/his_logo.png","contentUrl":"https:\/\/www.hofmann-spedition.de\/cms\/wp-content\/uploads\/2020\/06\/his_logo.png","width":410,"height":79,"caption":"Hofmann Internationale Spedition"},"image":{"@id":"https:\/\/www.hofmann-spedition.de\/cms\/#logo"}},{"@type":"WebSite","@id":"https:\/\/www.hofmann-spedition.de\/cms\/#website","url":"https:\/\/www.hofmann-spedition.de\/cms\/","name":"Hofmann Internationale Spedition GmbH","description":"","publisher":{"@id":"https:\/\/www.hofmann-spedition.de\/cms\/#organization"},"potentialAction":[{"@type":"SearchAction","target":{"@type":"EntryPoint","urlTemplate":"https:\/\/www.hofmann-spedition.de\/cms\/?s={search_term_string}"},"query-input":"required name=search_term_string"}],"inLanguage":"de"},{"@type":"ImageObject","@id":"https:\/\/www.hofmann-spedition.de\/cms\/ausbildungen\/#primaryimage","inLanguage":"de","url":"https:\/\/www.hofmann-spedition.de\/cms\/wp-content\/uploads\/2020\/12\/201016_Hofmann-3425b-quad.jpg","contentUrl":"https:\/\/www.hofmann-spedition.de\/cms\/wp-content\/uploads\/2020\/12\/201016_Hofmann-3425b-quad.jpg","width":400,"height":400,"caption":"Hofmann Internationale Spedition GmbH, Shooting Tag 1"},{"@type":"WebPage","@id":"https:\/\/www.hofmann-spedition.de\/cms\/ausbildungen\/#webpage","url":"https:\/\/www.hofmann-spedition.de\/cms\/ausbildungen\/","name":"Ausbildungen - Hofmann Internationale Spedition GmbH","isPartOf":{"@id":"https:\/\/www.hofmann-spedition.de\/cms\/#website"},"primaryImageOfPage":{"@id":"https:\/\/www.hofmann-spedition.de\/cms\/ausbildungen\/#primaryimage"},"datePublished":"2020-09-22T13:43:34+00:00","dateModified":"2025-12-15T08:56:01+00:00","breadcrumb":{"@id":"https:\/\/www.hofmann-spedition.de\/cms\/ausbildungen\/#breadcrumb"},"inLanguage":"de","potentialAction":[{"@type":"ReadAction","target":["https:\/\/www.hofmann-spedition.de\/cms\/ausbildungen\/"]}]},{"@type":"BreadcrumbList","@id":"https:\/\/www.hofmann-spedition.de\/cms\/ausbildungen\/#breadcrumb","itemListElement":[{"@type":"ListItem","position":1,"name":"Startseite","item":"https:\/\/www.hofmann-spedition.de\/cms\/"},{"@type":"ListItem","position":2,"name":"Ausbildungen"}]}]}},"_links":{"self":[{"href":"https:\/\/www.hofmann-spedition.de\/cms\/wp-json\/wp\/v2\/pages\/980"}],"collection":[{"href":"https:\/\/www.hofmann-spedition.de\/cms\/wp-json\/wp\/v2\/pages"}],"about":[{"href":"https:\/\/www.hofmann-spedition.de\/cms\/wp-json\/wp\/v2\/types\/page"}],"author":[{"embeddable":true,"href":"https:\/\/www.hofmann-spedition.de\/cms\/wp-json\/wp\/v2\/users\/1"}],"replies":[{"embeddable":true,"href":"https:\/\/www.hofmann-spedition.de\/cms\/wp-json\/wp\/v2\/comments?post=980"}],"version-history":[{"count":94,"href":"https:\/\/www.hofmann-spedition.de\/cms\/wp-json\/wp\/v2\/pages\/980\/revisions"}],"predecessor-version":[{"id":5426,"href":"https:\/\/www.hofmann-spedition.de\/cms\/wp-json\/wp\/v2\/pages\/980\/revisions\/5426"}],"wp:attachment":[{"href":"https:\/\/www.hofmann-spedition.de\/cms\/wp-json\/wp\/v2\/media?parent=980"}],"curies":[{"name":"wp","href":"https:\/\/api.w.org\/{rel}","templated":true}]}}